{"id":3068,"date":"2019-06-13T19:48:16","date_gmt":"2019-06-13T17:48:16","guid":{"rendered":"https:\/\/kuechen-baeder.fust.ch\/impressum\/"},"modified":"2025-03-25T16:25:36","modified_gmt":"2025-03-25T14:25:36","slug":"mentions-legales","status":"publish","type":"page","link":"https:\/\/kuechen-baeder.fust.ch\/fr\/mentions-legales\/","title":{"rendered":"Impressum"},"content":{"rendered":"<div class=\"wpb-content-wrapper\"><p>[vc_row][vc_column][vc_column_text css=\u00a0\u00bb\u00a0\u00bb]<\/p>\n<h1 style=\"text-align: center;\"><span data-sheets-value=\"{&quot;1&quot;:2,&quot;2&quot;:&quot;Mentions l\u00e9gales&quot;}\" data-sheets-userformat=\"{&quot;2&quot;:963,&quot;3&quot;:{&quot;1&quot;:0},&quot;4&quot;:[null,2,16777215],&quot;9&quot;:0,&quot;10&quot;:0,&quot;11&quot;:4,&quot;12&quot;:0}\">Mentions l\u00e9gales<\/span><\/h1>\n<p>&nbsp;<\/p>\n<h3><span data-sheets-value=\"{&quot;1&quot;:2,&quot;2&quot;:&quot;Si\u00e8ge social&quot;}\" data-sheets-userformat=\"{&quot;2&quot;:961,&quot;3&quot;:{&quot;1&quot;:0},&quot;9&quot;:0,&quot;10&quot;:0,&quot;11&quot;:4,&quot;12&quot;:0}\">Si\u00e8ge social<\/span><\/h3>\n<p>Fust<br \/>\nSwiss Household Services AG<br \/>\nIndustrie Haslen 3<br \/>\n9245 Oberb\u00fcren<br \/>\nSchweiz<\/p>\n<p>T\u00e9l.: +41 71 955 50 50<br \/>\nE-mail: info(at)fust.ch<\/p>\n<p>CHE-116.311.185 MWST<\/p>\n<h3><span data-sheets-value=\"{&quot;1&quot;:2,&quot;2&quot;:&quot;Conception et design&quot;}\" data-sheets-userformat=\"{&quot;2&quot;:961,&quot;3&quot;:{&quot;1&quot;:0},&quot;9&quot;:0,&quot;10&quot;:0,&quot;11&quot;:4,&quot;12&quot;:0}\">Conception et design<\/span><\/h3>\n<p>Safi Concept GmbH<br \/>\nKanzleistrasse 126<br \/>\n8004 Z\u00fcrich<\/p>\n<h3>Copyright<\/h3>\n<p>Le contenu du site Internet est prot\u00e9g\u00e9 par la l\u00e9gislation suisse sur les droits d&rsquo;auteur et la propri\u00e9t\u00e9 intellectuelle. Tout droit d&rsquo;impression r\u00e9serv\u00e9. Ceci s&rsquo;applique \u00e9galement \u00e0 tout document consultable tels les catalogues. La reproduction sur papier ou un quelconque support \u00e9lectronique de l&rsquo;ensemble ou d&rsquo;une partie des pages est interdite sauf autorisation expresse de Swiss Household Services AG.<\/p>\n<h3><span data-sheets-value=\"{&quot;1&quot;:2,&quot;2&quot;:&quot;Marque d\u00e9pos\u00e9e&quot;}\" data-sheets-userformat=\"{&quot;2&quot;:961,&quot;3&quot;:{&quot;1&quot;:0},&quot;9&quot;:0,&quot;10&quot;:0,&quot;11&quot;:4,&quot;12&quot;:0}\">Marque d\u00e9pos\u00e9e<\/span><\/h3>\n<p>La raison sociale ainsi que les logos des soci\u00e9t\u00e9s et branches commerciales sont des marques de commerce de Swiss Household Services AG. Toutes les autres marques d\u00e9pos\u00e9es, noms de produits et de soci\u00e9t\u00e9s, resp. logos cit\u00e9s sur notre site Internet sont la seule propri\u00e9t\u00e9 des d\u00e9tenteurs respectifs. Tous droits r\u00e9serv\u00e9s.<\/p>\n<h3><span data-sheets-value=\"{&quot;1&quot;:2,&quot;2&quot;:&quot;Exclusion de la responsabilit\u00e9&quot;}\" data-sheets-userformat=\"{&quot;2&quot;:961,&quot;3&quot;:{&quot;1&quot;:0},&quot;9&quot;:0,&quot;10&quot;:0,&quot;11&quot;:4,&quot;12&quot;:0}\">Exclusion de la responsabilit\u00e9<\/span><\/h3>\n<p>L&rsquo;utilisation du site Internet Fust est la responsabilit\u00e9 de l&rsquo;utilisateur. La soci\u00e9t\u00e9 se d\u00e9gage de toute responsabilit\u00e9 aff\u00e9rente \u00e0 la mise \u00e0 contribution ou la non disponibilit\u00e9 des services. Ceci s&rsquo;applique \u00e9galement \u00e0 tout dommage indirect. Sous r\u00e9serve de modifications des prix ou erreurs dans la description des produits.<\/p>\n<h3>Contact<\/h3>\n<p><span data-sheets-value=\"{&quot;1&quot;:2,&quot;2&quot;:&quot;Pour toute question, veuillez contacter notre service client\u00e8le au 0848 844 100 ou envoyer un e-mail \u00e0 kuechen-baeder@fust.ch.&quot;}\" data-sheets-userformat=\"{&quot;2&quot;:961,&quot;3&quot;:{&quot;1&quot;:0},&quot;9&quot;:0,&quot;10&quot;:0,&quot;11&quot;:4,&quot;12&quot;:0}\">Pour toute question, veuillez contacter notre service client\u00e8le au 0848 844 100 ou envoyer un e-mail \u00e0 kuechen-baeder(at)fust.ch.<\/span>[\/vc_column_text]<div class=\"ult-spacer spacer-69f0e72d84734\" data-id=\"69f0e72d84734\" data-height=\"40\" data-height-mobile=\"40\" data-height-tab=\"40\" data-height-tab-portrait=\"\" data-height-mobile-landscape=\"\" style=\"clear:both;display:block;\"><\/div>[\/vc_column][\/vc_row]<\/p>\n<\/div>","protected":false},"excerpt":{"rendered":"<p>[vc_row][vc_column][vc_column_text css=\u00a0\u00bb\u00a0\u00bb] Mentions l\u00e9gales &nbsp; Si\u00e8ge social Fust Swiss Household Services AG Industrie Haslen 3 9245 Oberb\u00fcren Schweiz T\u00e9l.: +41 71 955 50 50 E-mail: info(at)fust.ch CHE-116.311.185 MWST Conception et design Safi Concept GmbH Kanzleistrasse 126 8004 Z\u00fcrich Copyright Le contenu du site Internet est prot\u00e9g\u00e9 par la l\u00e9gislation suisse sur les droits d&rsquo;auteur et [&#8230;]<\/p>\n<p><a class=\"btn btn-secondary understrap-read-more-link\" href=\"https:\/\/kuechen-baeder.fust.ch\/fr\/mentions-legales\/\">Lire la suite\u2026<\/a><\/p>\n","protected":false},"author":3,"featured_media":0,"parent":0,"menu_order":0,"comment_status":"closed","ping_status":"closed","template":"","meta":{"_acf_changed":false,"footnotes":""},"class_list":["post-3068","page","type-page","status-publish","hentry"],"acf":[],"yoast_head":"<!-- This site is optimized with the Yoast SEO plugin v27.4 - https:\/\/yoast.com\/product\/yoast-seo-wordpress\/ -->\n<title>Mentions l\u00e9gales de Cuisines Fust<\/title>\n<meta name=\"description\" content=\"Nous planifions et r\u00e9alisons votre nouvelle cuisine. D\u00e9couvrez notre vaste assortiment de cuisines en ligne ou dans l&#039;une de nos 38 expositions de cuisines.\" \/>\n<meta name=\"robots\" content=\"index, follow, max-snippet:-1, max-image-preview:large, max-video-preview:-1\" \/>\n<link rel=\"canonical\" href=\"https:\/\/kuechen-baeder.fust.ch\/impressum\/\" \/>\n<meta property=\"og:locale\" content=\"fr_FR\" \/>\n<meta property=\"og:type\" content=\"article\" \/>\n<meta property=\"og:title\" content=\"Fust K\u00fcchen - Beratung, Planung, Lieferung und Motage - Ihr K\u00fcchenprofi\" \/>\n<meta property=\"og:description\" content=\"Wir planen und realisieren Ihre neue K\u00fcche. Grosses K\u00fcchensortiment online und in 38 K\u00fcchenausstellungen.\" \/>\n<meta property=\"og:url\" content=\"https:\/\/kuechen-baeder.fust.ch\/impressum\/\" \/>\n<meta property=\"og:site_name\" content=\"Fust Cuisines &amp; Bains\" \/>\n<meta property=\"article:modified_time\" content=\"2025-03-25T14:25:36+00:00\" \/>\n<meta name=\"twitter:card\" content=\"summary_large_image\" \/>\n<meta name=\"twitter:label1\" content=\"Dur\u00e9e de lecture estim\u00e9e\" \/>\n\t<meta name=\"twitter:data1\" content=\"2 minutes\" \/>\n<script type=\"application\/ld+json\" class=\"yoast-schema-graph\">{\"@context\":\"https:\\\/\\\/schema.org\",\"@graph\":[{\"@type\":\"WebPage\",\"@id\":\"https:\\\/\\\/kuechen-baeder.fust.ch\\\/impressum\\\/\",\"url\":\"https:\\\/\\\/kuechen-baeder.fust.ch\\\/impressum\\\/\",\"name\":\"Mentions l\u00e9gales de Cuisines Fust\",\"isPartOf\":{\"@id\":\"https:\\\/\\\/kuechen-baeder.fust.ch\\\/fr\\\/#website\"},\"datePublished\":\"2019-06-13T17:48:16+00:00\",\"dateModified\":\"2025-03-25T14:25:36+00:00\",\"description\":\"Nous planifions et r\u00e9alisons votre nouvelle cuisine. D\u00e9couvrez notre vaste assortiment de cuisines en ligne ou dans l'une de nos 38 expositions de cuisines.\",\"breadcrumb\":{\"@id\":\"https:\\\/\\\/kuechen-baeder.fust.ch\\\/impressum\\\/#breadcrumb\"},\"inLanguage\":\"fr-FR\",\"potentialAction\":[{\"@type\":\"ReadAction\",\"target\":[\"https:\\\/\\\/kuechen-baeder.fust.ch\\\/impressum\\\/\"]}]},{\"@type\":\"BreadcrumbList\",\"@id\":\"https:\\\/\\\/kuechen-baeder.fust.ch\\\/impressum\\\/#breadcrumb\",\"itemListElement\":[{\"@type\":\"ListItem\",\"position\":1,\"name\":\"Home\",\"item\":\"https:\\\/\\\/kuechen-baeder.fust.ch\\\/fr\\\/\"},{\"@type\":\"ListItem\",\"position\":2,\"name\":\"Impressum\"}]},{\"@type\":\"WebSite\",\"@id\":\"https:\\\/\\\/kuechen-baeder.fust.ch\\\/fr\\\/#website\",\"url\":\"https:\\\/\\\/kuechen-baeder.fust.ch\\\/fr\\\/\",\"name\":\"Fust K\u00fcchen & B\u00e4der\",\"description\":\"Votre expert en cuisine et salle de bains avec plus de 45 ans d&#039;exp\u00e9rience et des expositions dans toute la Suisse.\",\"publisher\":{\"@id\":\"https:\\\/\\\/kuechen-baeder.fust.ch\\\/fr\\\/#organization\"},\"potentialAction\":[{\"@type\":\"SearchAction\",\"target\":{\"@type\":\"EntryPoint\",\"urlTemplate\":\"https:\\\/\\\/kuechen-baeder.fust.ch\\\/fr\\\/?s={search_term_string}\"},\"query-input\":{\"@type\":\"PropertyValueSpecification\",\"valueRequired\":true,\"valueName\":\"search_term_string\"}}],\"inLanguage\":\"fr-FR\"},{\"@type\":\"Organization\",\"@id\":\"https:\\\/\\\/kuechen-baeder.fust.ch\\\/fr\\\/#organization\",\"name\":\"Fust K\u00fcchen & B\u00e4der\",\"url\":\"https:\\\/\\\/kuechen-baeder.fust.ch\\\/fr\\\/\",\"logo\":{\"@type\":\"ImageObject\",\"inLanguage\":\"fr-FR\",\"@id\":\"https:\\\/\\\/kuechen-baeder.fust.ch\\\/fr\\\/#\\\/schema\\\/logo\\\/image\\\/\",\"url\":\"https:\\\/\\\/kuechen-baeder.fust.ch\\\/wp-content\\\/uploads\\\/2025\\\/08\\\/cropped-Fust_KuechenBaeder-Fust_schwarz-orange_RGB-scaled-2.png\",\"contentUrl\":\"https:\\\/\\\/kuechen-baeder.fust.ch\\\/wp-content\\\/uploads\\\/2025\\\/08\\\/cropped-Fust_KuechenBaeder-Fust_schwarz-orange_RGB-scaled-2.png\",\"width\":2559,\"height\":1521,\"caption\":\"Fust K\u00fcchen & B\u00e4der\"},\"image\":{\"@id\":\"https:\\\/\\\/kuechen-baeder.fust.ch\\\/fr\\\/#\\\/schema\\\/logo\\\/image\\\/\"}}]}<\/script>\n<!-- \/ Yoast SEO plugin. -->","yoast_head_json":{"title":"Mentions l\u00e9gales de Cuisines Fust","description":"Nous planifions et r\u00e9alisons votre nouvelle cuisine. D\u00e9couvrez notre vaste assortiment de cuisines en ligne ou dans l'une de nos 38 expositions de cuisines.","robots":{"index":"index","follow":"follow","max-snippet":"max-snippet:-1","max-image-preview":"max-image-preview:large","max-video-preview":"max-video-preview:-1"},"canonical":"https:\/\/kuechen-baeder.fust.ch\/impressum\/","og_locale":"fr_FR","og_type":"article","og_title":"Fust K\u00fcchen - Beratung, Planung, Lieferung und Motage - Ihr K\u00fcchenprofi","og_description":"Wir planen und realisieren Ihre neue K\u00fcche. Grosses K\u00fcchensortiment online und in 38 K\u00fcchenausstellungen.","og_url":"https:\/\/kuechen-baeder.fust.ch\/impressum\/","og_site_name":"Fust Cuisines &amp; Bains","article_modified_time":"2025-03-25T14:25:36+00:00","twitter_card":"summary_large_image","twitter_misc":{"Dur\u00e9e de lecture estim\u00e9e":"2 minutes"},"schema":{"@context":"https:\/\/schema.org","@graph":[{"@type":"WebPage","@id":"https:\/\/kuechen-baeder.fust.ch\/impressum\/","url":"https:\/\/kuechen-baeder.fust.ch\/impressum\/","name":"Mentions l\u00e9gales de Cuisines Fust","isPartOf":{"@id":"https:\/\/kuechen-baeder.fust.ch\/fr\/#website"},"datePublished":"2019-06-13T17:48:16+00:00","dateModified":"2025-03-25T14:25:36+00:00","description":"Nous planifions et r\u00e9alisons votre nouvelle cuisine. D\u00e9couvrez notre vaste assortiment de cuisines en ligne ou dans l'une de nos 38 expositions de cuisines.","breadcrumb":{"@id":"https:\/\/kuechen-baeder.fust.ch\/impressum\/#breadcrumb"},"inLanguage":"fr-FR","potentialAction":[{"@type":"ReadAction","target":["https:\/\/kuechen-baeder.fust.ch\/impressum\/"]}]},{"@type":"BreadcrumbList","@id":"https:\/\/kuechen-baeder.fust.ch\/impressum\/#breadcrumb","itemListElement":[{"@type":"ListItem","position":1,"name":"Home","item":"https:\/\/kuechen-baeder.fust.ch\/fr\/"},{"@type":"ListItem","position":2,"name":"Impressum"}]},{"@type":"WebSite","@id":"https:\/\/kuechen-baeder.fust.ch\/fr\/#website","url":"https:\/\/kuechen-baeder.fust.ch\/fr\/","name":"Fust K\u00fcchen & B\u00e4der","description":"Votre expert en cuisine et salle de bains avec plus de 45 ans d&#039;exp\u00e9rience et des expositions dans toute la Suisse.","publisher":{"@id":"https:\/\/kuechen-baeder.fust.ch\/fr\/#organization"},"potentialAction":[{"@type":"SearchAction","target":{"@type":"EntryPoint","urlTemplate":"https:\/\/kuechen-baeder.fust.ch\/fr\/?s={search_term_string}"},"query-input":{"@type":"PropertyValueSpecification","valueRequired":true,"valueName":"search_term_string"}}],"inLanguage":"fr-FR"},{"@type":"Organization","@id":"https:\/\/kuechen-baeder.fust.ch\/fr\/#organization","name":"Fust K\u00fcchen & B\u00e4der","url":"https:\/\/kuechen-baeder.fust.ch\/fr\/","logo":{"@type":"ImageObject","inLanguage":"fr-FR","@id":"https:\/\/kuechen-baeder.fust.ch\/fr\/#\/schema\/logo\/image\/","url":"https:\/\/kuechen-baeder.fust.ch\/wp-content\/uploads\/2025\/08\/cropped-Fust_KuechenBaeder-Fust_schwarz-orange_RGB-scaled-2.png","contentUrl":"https:\/\/kuechen-baeder.fust.ch\/wp-content\/uploads\/2025\/08\/cropped-Fust_KuechenBaeder-Fust_schwarz-orange_RGB-scaled-2.png","width":2559,"height":1521,"caption":"Fust K\u00fcchen & B\u00e4der"},"image":{"@id":"https:\/\/kuechen-baeder.fust.ch\/fr\/#\/schema\/logo\/image\/"}}]}},"_links":{"self":[{"href":"https:\/\/kuechen-baeder.fust.ch\/fr\/wp-json\/wp\/v2\/pages\/3068","targetHints":{"allow":["GET"]}}],"collection":[{"href":"https:\/\/kuechen-baeder.fust.ch\/fr\/wp-json\/wp\/v2\/pages"}],"about":[{"href":"https:\/\/kuechen-baeder.fust.ch\/fr\/wp-json\/wp\/v2\/types\/page"}],"author":[{"embeddable":true,"href":"https:\/\/kuechen-baeder.fust.ch\/fr\/wp-json\/wp\/v2\/users\/3"}],"replies":[{"embeddable":true,"href":"https:\/\/kuechen-baeder.fust.ch\/fr\/wp-json\/wp\/v2\/comments?post=3068"}],"version-history":[{"count":3,"href":"https:\/\/kuechen-baeder.fust.ch\/fr\/wp-json\/wp\/v2\/pages\/3068\/revisions"}],"predecessor-version":[{"id":36634,"href":"https:\/\/kuechen-baeder.fust.ch\/fr\/wp-json\/wp\/v2\/pages\/3068\/revisions\/36634"}],"wp:attachment":[{"href":"https:\/\/kuechen-baeder.fust.ch\/fr\/wp-json\/wp\/v2\/media?parent=3068"}],"curies":[{"name":"wp","href":"https:\/\/api.w.org\/{rel}","templated":true}]}}