{"id":4144,"date":"2019-12-10T17:53:57","date_gmt":"2019-12-10T15:53:57","guid":{"rendered":"https:\/\/kuechen-baeder.fust.ch\/?page_id=4144"},"modified":"2025-03-25T16:24:46","modified_gmt":"2025-03-25T14:24:46","slug":"note-legali","status":"publish","type":"page","link":"https:\/\/kuechen-baeder.fust.ch\/it\/note-legali\/","title":{"rendered":"Impressum"},"content":{"rendered":"<div class=\"wpb-content-wrapper\"><p>[vc_row][vc_column][vc_column_text]<\/p>\n<h1 style=\"text-align: center;\"><span data-sheets-value=\"{&quot;1&quot;:2,&quot;2&quot;:&quot;Note legali&quot;}\" data-sheets-userformat=\"{&quot;2&quot;:9153,&quot;3&quot;:{&quot;1&quot;:0},&quot;9&quot;:0,&quot;10&quot;:0,&quot;11&quot;:4,&quot;12&quot;:0,&quot;16&quot;:10}\">Note legali<\/span><\/h1>\n<p>&nbsp;<\/p>\n<h3><span data-sheets-value=\"{&quot;1&quot;:2,&quot;2&quot;:&quot;Sede azienda&quot;}\" data-sheets-userformat=\"{&quot;2&quot;:9153,&quot;3&quot;:{&quot;1&quot;:0},&quot;9&quot;:0,&quot;10&quot;:0,&quot;11&quot;:4,&quot;12&quot;:0,&quot;16&quot;:10}\">Sede azienda<\/span><\/h3>\n<p>Fust<br \/>\nSwiss Household Services AG<br \/>\nIndustrie Haslen 3<br \/>\n9245 Oberb\u00fcren<br \/>\nSchweiz<\/p>\n<p>Tel.: +41 71 955 50 50<br \/>\nE-mail: info(at)fust.ch<\/p>\n<p>CHE-116.311.185 MWST<\/p>\n<h3><span data-sheets-value=\"{&quot;1&quot;:2,&quot;2&quot;:&quot;Idea e design&quot;}\" data-sheets-userformat=\"{&quot;2&quot;:9153,&quot;3&quot;:{&quot;1&quot;:0},&quot;9&quot;:0,&quot;10&quot;:0,&quot;11&quot;:4,&quot;12&quot;:0,&quot;16&quot;:10}\">Idea e design<\/span><\/h3>\n<p>Safi Concept GmbH<br \/>\nKanzleistrasse 126<br \/>\n8004 Z\u00fcrich<\/p>\n<h3>Copyright<\/h3>\n<p>L&#8217;intero sito Web \u00e8 sottoposto alla legislazione svizzera sui diritti d&#8217;autore e la propriet\u00e0 intellettuale. Tutti i diritti di stampa sono riservati. Ci\u00f2 vale anche per tutti i documenti accessibili come i cataloghi. E&#8217; vietata la riproduzione dell&#8217;intero sito o di parti di esso su qualsivoglia supporto elettronico o su carta a meno che non vi sia una autorizzazione scritta da parte della Swiss Household Services AG.<\/p>\n<h3><span data-sheets-value=\"{&quot;1&quot;:2,&quot;2&quot;:&quot;Marchi&quot;}\" data-sheets-userformat=\"{&quot;2&quot;:9153,&quot;3&quot;:{&quot;1&quot;:0},&quot;9&quot;:0,&quot;10&quot;:0,&quot;11&quot;:4,&quot;12&quot;:0,&quot;16&quot;:10}\">Marchi<\/span><\/h3>\n<p>La denominazione dell&#8217;azienda cos\u00ec come i loghi aziendali e di settore sono marchi registrati della Swiss Household Services AG. Tutti gli altri marchi registrati, nomi di prodotti, nomi di aziende e loghi citati sul nostro sito Web sono di propriet\u00e0 esclusiva dei relativi proprietari. Tutti i diritti riservati.<\/p>\n<h3><span data-sheets-value=\"{&quot;1&quot;:2,&quot;2&quot;:&quot;Esonero da responsabilit\u00e0&quot;}\" data-sheets-userformat=\"{&quot;2&quot;:9153,&quot;3&quot;:{&quot;1&quot;:0},&quot;9&quot;:0,&quot;10&quot;:0,&quot;11&quot;:4,&quot;12&quot;:0,&quot;16&quot;:10}\">Esonero da responsabilit\u00e0<\/span><\/h3>\n<p>L&#8217;utilizzo del sito Internet Fust \u00e8 a proprio rischio. Si declina qualsiasi responsabilit\u00e0 per l&#8217;utilizzo dei servizi o per la loro non disponibilit\u00e0 e ci\u00f2 vale anche per gli eventuali danni derivanti. Sono fatti salvi modifiche dei prezzi ed errori nelle descrizioni prodotti.<\/p>\n<h3><span data-sheets-value=\"{&quot;1&quot;:2,&quot;2&quot;:&quot;Contatto&quot;}\" data-sheets-userformat=\"{&quot;2&quot;:9153,&quot;3&quot;:{&quot;1&quot;:0},&quot;9&quot;:0,&quot;10&quot;:0,&quot;11&quot;:4,&quot;12&quot;:0,&quot;16&quot;:10}\">Contatto<\/span><\/h3>\n<p><span data-sheets-value=\"{&quot;1&quot;:2,&quot;2&quot;:&quot;In caso di domande, si prega di contattare il nostro servizio clienti al numero 0848 844 100 o inviarci un'e-mail all'indirizzo kuechen-baeder@fust.ch.&quot;}\" data-sheets-userformat=\"{&quot;2&quot;:9153,&quot;3&quot;:{&quot;1&quot;:0},&quot;9&quot;:0,&quot;10&quot;:0,&quot;11&quot;:4,&quot;12&quot;:0,&quot;16&quot;:10}\">In caso di domande, si prega di contattare il nostro servizio clienti al numero 0848 844 100 o inviarci un&#8217;e-mail all&#8217;indirizzo kuechen-baeder(at)fust.ch.<\/span>[\/vc_column_text]<div class=\"ult-spacer spacer-69f5fd928e30c\" data-id=\"69f5fd928e30c\" data-height=\"40\" data-height-mobile=\"40\" data-height-tab=\"40\" data-height-tab-portrait=\"\" data-height-mobile-landscape=\"\" style=\"clear:both;display:block;\"><\/div>[\/vc_column][\/vc_row]<\/p>\n<\/div>","protected":false},"excerpt":{"rendered":"<p>[vc_row][vc_column][vc_column_text] Note legali &nbsp; Sede azienda Fust Swiss Household Services AG Industrie Haslen 3 9245 Oberb\u00fcren Schweiz Tel.: +41 71 955 50 50 E-mail: info(at)fust.ch CHE-116.311.185 MWST Idea e design Safi Concept GmbH Kanzleistrasse 126 8004 Z\u00fcrich Copyright L&#8217;intero sito Web \u00e8 sottoposto alla legislazione svizzera sui diritti d&#8217;autore e la propriet\u00e0 intellettuale. Tutti i [&#8230;]<\/p>\n<p><a class=\"btn btn-secondary understrap-read-more-link\" href=\"https:\/\/kuechen-baeder.fust.ch\/it\/note-legali\/\">Leggi di pi\u00f9&#8230;<\/a><\/p>\n","protected":false},"author":3,"featured_media":0,"parent":0,"menu_order":0,"comment_status":"closed","ping_status":"closed","template":"","meta":{"_acf_changed":false,"footnotes":""},"class_list":["post-4144","page","type-page","status-publish","hentry"],"acf":[],"yoast_head":"<!-- This site is optimized with the Yoast SEO plugin v27.5 - https:\/\/yoast.com\/product\/yoast-seo-wordpress\/ -->\n<title>Note legali di Cucine Fust<\/title>\n<meta name=\"description\" content=\"Progettiamo e realizziamo la sua nuova cucina. Scopra una vasta gamma di cucine online o visiti uno dei 38 punti espositivi. Preventivo gratuito.\" \/>\n<meta name=\"robots\" content=\"index, follow, max-snippet:-1, max-image-preview:large, max-video-preview:-1\" \/>\n<link rel=\"canonical\" href=\"https:\/\/kuechen-baeder.fust.ch\/impressum\/\" \/>\n<meta property=\"og:locale\" content=\"it_IT\" \/>\n<meta property=\"og:type\" content=\"article\" \/>\n<meta property=\"og:title\" content=\"Note legali di Cucine Fust\" \/>\n<meta property=\"og:description\" content=\"Progettiamo e realizziamo la sua nuova cucina. Scopra una vasta gamma di cucine online o visiti uno dei 38 punti espositivi. Preventivo gratuito.\" \/>\n<meta property=\"og:url\" content=\"https:\/\/kuechen-baeder.fust.ch\/impressum\/\" \/>\n<meta property=\"og:site_name\" content=\"Fust Cucine &amp; Bagni\" \/>\n<meta property=\"article:modified_time\" content=\"2025-03-25T14:24:46+00:00\" \/>\n<meta name=\"twitter:card\" content=\"summary_large_image\" \/>\n<meta name=\"twitter:label1\" content=\"Tempo di lettura stimato\" \/>\n\t<meta name=\"twitter:data1\" content=\"2 minuti\" \/>\n<script type=\"application\/ld+json\" class=\"yoast-schema-graph\">{\"@context\":\"https:\\\/\\\/schema.org\",\"@graph\":[{\"@type\":\"WebPage\",\"@id\":\"https:\\\/\\\/kuechen-baeder.fust.ch\\\/impressum\\\/\",\"url\":\"https:\\\/\\\/kuechen-baeder.fust.ch\\\/impressum\\\/\",\"name\":\"Note legali di Cucine Fust\",\"isPartOf\":{\"@id\":\"https:\\\/\\\/kuechen-baeder.fust.ch\\\/fr\\\/#website\"},\"datePublished\":\"2019-12-10T15:53:57+00:00\",\"dateModified\":\"2025-03-25T14:24:46+00:00\",\"description\":\"Progettiamo e realizziamo la sua nuova cucina. Scopra una vasta gamma di cucine online o visiti uno dei 38 punti espositivi. Preventivo gratuito.\",\"breadcrumb\":{\"@id\":\"https:\\\/\\\/kuechen-baeder.fust.ch\\\/impressum\\\/#breadcrumb\"},\"inLanguage\":\"it-IT\",\"potentialAction\":[{\"@type\":\"ReadAction\",\"target\":[\"https:\\\/\\\/kuechen-baeder.fust.ch\\\/impressum\\\/\"]}]},{\"@type\":\"BreadcrumbList\",\"@id\":\"https:\\\/\\\/kuechen-baeder.fust.ch\\\/impressum\\\/#breadcrumb\",\"itemListElement\":[{\"@type\":\"ListItem\",\"position\":1,\"name\":\"Home\",\"item\":\"https:\\\/\\\/kuechen-baeder.fust.ch\\\/it\\\/\"},{\"@type\":\"ListItem\",\"position\":2,\"name\":\"Impressum\"}]},{\"@type\":\"WebSite\",\"@id\":\"https:\\\/\\\/kuechen-baeder.fust.ch\\\/fr\\\/#website\",\"url\":\"https:\\\/\\\/kuechen-baeder.fust.ch\\\/fr\\\/\",\"name\":\"Fust K\u00fcchen & B\u00e4der\",\"description\":\"Il vostro esperto in cucine e bagni con oltre 45 anni di esperienza e studi in tutta la Svizzera.\",\"publisher\":{\"@id\":\"https:\\\/\\\/kuechen-baeder.fust.ch\\\/fr\\\/#organization\"},\"potentialAction\":[{\"@type\":\"SearchAction\",\"target\":{\"@type\":\"EntryPoint\",\"urlTemplate\":\"https:\\\/\\\/kuechen-baeder.fust.ch\\\/fr\\\/?s={search_term_string}\"},\"query-input\":{\"@type\":\"PropertyValueSpecification\",\"valueRequired\":true,\"valueName\":\"search_term_string\"}}],\"inLanguage\":\"it-IT\"},{\"@type\":\"Organization\",\"@id\":\"https:\\\/\\\/kuechen-baeder.fust.ch\\\/fr\\\/#organization\",\"name\":\"Fust K\u00fcchen & B\u00e4der\",\"url\":\"https:\\\/\\\/kuechen-baeder.fust.ch\\\/fr\\\/\",\"logo\":{\"@type\":\"ImageObject\",\"inLanguage\":\"it-IT\",\"@id\":\"https:\\\/\\\/kuechen-baeder.fust.ch\\\/fr\\\/#\\\/schema\\\/logo\\\/image\\\/\",\"url\":\"https:\\\/\\\/kuechen-baeder.fust.ch\\\/wp-content\\\/uploads\\\/2025\\\/08\\\/cropped-Fust_KuechenBaeder-Fust_schwarz-orange_RGB-scaled-2.png\",\"contentUrl\":\"https:\\\/\\\/kuechen-baeder.fust.ch\\\/wp-content\\\/uploads\\\/2025\\\/08\\\/cropped-Fust_KuechenBaeder-Fust_schwarz-orange_RGB-scaled-2.png\",\"width\":2559,\"height\":1521,\"caption\":\"Fust K\u00fcchen & B\u00e4der\"},\"image\":{\"@id\":\"https:\\\/\\\/kuechen-baeder.fust.ch\\\/fr\\\/#\\\/schema\\\/logo\\\/image\\\/\"}}]}<\/script>\n<!-- \/ Yoast SEO plugin. -->","yoast_head_json":{"title":"Note legali di Cucine Fust","description":"Progettiamo e realizziamo la sua nuova cucina. Scopra una vasta gamma di cucine online o visiti uno dei 38 punti espositivi. Preventivo gratuito.","robots":{"index":"index","follow":"follow","max-snippet":"max-snippet:-1","max-image-preview":"max-image-preview:large","max-video-preview":"max-video-preview:-1"},"canonical":"https:\/\/kuechen-baeder.fust.ch\/impressum\/","og_locale":"it_IT","og_type":"article","og_title":"Note legali di Cucine Fust","og_description":"Progettiamo e realizziamo la sua nuova cucina. Scopra una vasta gamma di cucine online o visiti uno dei 38 punti espositivi. Preventivo gratuito.","og_url":"https:\/\/kuechen-baeder.fust.ch\/impressum\/","og_site_name":"Fust Cucine &amp; Bagni","article_modified_time":"2025-03-25T14:24:46+00:00","twitter_card":"summary_large_image","twitter_misc":{"Tempo di lettura stimato":"2 minuti"},"schema":{"@context":"https:\/\/schema.org","@graph":[{"@type":"WebPage","@id":"https:\/\/kuechen-baeder.fust.ch\/impressum\/","url":"https:\/\/kuechen-baeder.fust.ch\/impressum\/","name":"Note legali di Cucine Fust","isPartOf":{"@id":"https:\/\/kuechen-baeder.fust.ch\/fr\/#website"},"datePublished":"2019-12-10T15:53:57+00:00","dateModified":"2025-03-25T14:24:46+00:00","description":"Progettiamo e realizziamo la sua nuova cucina. Scopra una vasta gamma di cucine online o visiti uno dei 38 punti espositivi. Preventivo gratuito.","breadcrumb":{"@id":"https:\/\/kuechen-baeder.fust.ch\/impressum\/#breadcrumb"},"inLanguage":"it-IT","potentialAction":[{"@type":"ReadAction","target":["https:\/\/kuechen-baeder.fust.ch\/impressum\/"]}]},{"@type":"BreadcrumbList","@id":"https:\/\/kuechen-baeder.fust.ch\/impressum\/#breadcrumb","itemListElement":[{"@type":"ListItem","position":1,"name":"Home","item":"https:\/\/kuechen-baeder.fust.ch\/it\/"},{"@type":"ListItem","position":2,"name":"Impressum"}]},{"@type":"WebSite","@id":"https:\/\/kuechen-baeder.fust.ch\/fr\/#website","url":"https:\/\/kuechen-baeder.fust.ch\/fr\/","name":"Fust K\u00fcchen & B\u00e4der","description":"Il vostro esperto in cucine e bagni con oltre 45 anni di esperienza e studi in tutta la Svizzera.","publisher":{"@id":"https:\/\/kuechen-baeder.fust.ch\/fr\/#organization"},"potentialAction":[{"@type":"SearchAction","target":{"@type":"EntryPoint","urlTemplate":"https:\/\/kuechen-baeder.fust.ch\/fr\/?s={search_term_string}"},"query-input":{"@type":"PropertyValueSpecification","valueRequired":true,"valueName":"search_term_string"}}],"inLanguage":"it-IT"},{"@type":"Organization","@id":"https:\/\/kuechen-baeder.fust.ch\/fr\/#organization","name":"Fust K\u00fcchen & B\u00e4der","url":"https:\/\/kuechen-baeder.fust.ch\/fr\/","logo":{"@type":"ImageObject","inLanguage":"it-IT","@id":"https:\/\/kuechen-baeder.fust.ch\/fr\/#\/schema\/logo\/image\/","url":"https:\/\/kuechen-baeder.fust.ch\/wp-content\/uploads\/2025\/08\/cropped-Fust_KuechenBaeder-Fust_schwarz-orange_RGB-scaled-2.png","contentUrl":"https:\/\/kuechen-baeder.fust.ch\/wp-content\/uploads\/2025\/08\/cropped-Fust_KuechenBaeder-Fust_schwarz-orange_RGB-scaled-2.png","width":2559,"height":1521,"caption":"Fust K\u00fcchen & B\u00e4der"},"image":{"@id":"https:\/\/kuechen-baeder.fust.ch\/fr\/#\/schema\/logo\/image\/"}}]}},"_links":{"self":[{"href":"https:\/\/kuechen-baeder.fust.ch\/it\/wp-json\/wp\/v2\/pages\/4144","targetHints":{"allow":["GET"]}}],"collection":[{"href":"https:\/\/kuechen-baeder.fust.ch\/it\/wp-json\/wp\/v2\/pages"}],"about":[{"href":"https:\/\/kuechen-baeder.fust.ch\/it\/wp-json\/wp\/v2\/types\/page"}],"author":[{"embeddable":true,"href":"https:\/\/kuechen-baeder.fust.ch\/it\/wp-json\/wp\/v2\/users\/3"}],"replies":[{"embeddable":true,"href":"https:\/\/kuechen-baeder.fust.ch\/it\/wp-json\/wp\/v2\/comments?post=4144"}],"version-history":[{"count":3,"href":"https:\/\/kuechen-baeder.fust.ch\/it\/wp-json\/wp\/v2\/pages\/4144\/revisions"}],"predecessor-version":[{"id":36633,"href":"https:\/\/kuechen-baeder.fust.ch\/it\/wp-json\/wp\/v2\/pages\/4144\/revisions\/36633"}],"wp:attachment":[{"href":"https:\/\/kuechen-baeder.fust.ch\/it\/wp-json\/wp\/v2\/media?parent=4144"}],"curies":[{"name":"wp","href":"https:\/\/api.w.org\/{rel}","templated":true}]}}